{"id":1689,"date":"2021-03-10T21:58:27","date_gmt":"2021-03-10T20:58:27","guid":{"rendered":"http:\/\/medynia-lancucka.osp.org.pl\/?page_id=1689"},"modified":"2021-03-10T21:58:29","modified_gmt":"2021-03-10T20:58:29","slug":"historia-osp","status":"publish","type":"page","link":"http:\/\/medynia-lancucka.osp.org.pl\/?page_id=1689","title":{"rendered":"Historia OSP"},"content":{"rendered":"\n<p><strong>Historia Ochotniczej Stra\u017cy Po\u017carnej w Medyni \u0141a\u0144cuckiej<\/strong><\/p>\n\n\n\n<p>&nbsp; &nbsp; &nbsp; &nbsp; &nbsp; Pocz\u0105tki po\u017carnictwa w Medyni \u0141a\u0144cuckiej rozpoczyna rok 1917. Dok\u0142adna data nie jest znana, ale z relacji starszych druh\u00f3w wynika, \u017ce stra\u017c ogniowa zosta\u0142a za\u0142o\u017cona w tym czasie. Jednym z inicjator\u00f3w jej powstania by\u0142 druh Jan \u0141ukasz, kt\u00f3ry po wyborach w\u0142adz otrzyma\u0142 funkcj\u0119 Komendanta. G\u0142\u00f3wnym zadaniem nowej organizacji by\u0142o gaszenie po\u017car\u00f3w w spos\u00f3b zorganizowany, co dawa\u0142o miejscowej spo\u0142eczno\u015bci wi\u0119ksze poczucie bezpiecze\u0144stwa. Sprz\u0119t ga\u015bniczy, kt\u00f3rym dysponowali stra\u017cacy w tym okresie by\u0142 bardzo skromny &#8211;&nbsp; stanowi\u0142y go wiadra na wod\u0119 oraz t\u0142umice. W historii jednostki zanotowany zosta\u0142 rok 1918, w kt\u00f3rym powsta\u0142 pierwszy budynek stra\u017cnicy &#8211; by\u0142a to szopa zbita z desek, pokryta strzech\u0105. Kolejne wa\u017cne wydarzenie mia\u0142o miejsce w roku 1926 kiedy to od \u00f3wczesnego w\u0142a\u015bciciela ziem \u0142a\u0144cuckich stra\u017cacy otrzymali pomp\u0119 r\u0119czn\u0105, kt\u00f3r\u0105 rok p\u00f3\u017aniej zamontowali na wozie konnym wraz z beczk\u0105 na wod\u0119. W latach trzydziestych druhowie wsp\u00f3lnie z mieszka\u0144cami wybudowali nowy drewniany budynek remizy, w kt\u00f3rym by\u0142 gara\u017c i dwa pomieszczenia s\u0142u\u017c\u0105ce przez lata jako sale szkolne.W tym czasie&nbsp; przyj\u0119li tak\u017ce nazw\u0119 swojego stowarzyszenia &#8211; Ochotnicza Stra\u017c Po\u017carna w Medyni \u0141a\u0144cuckiej. W latach wojennych nasi stra\u017cacy walczyli za wolno\u015b\u0107 naszej ojczyzny, a po wyzwoleniu w\u0142\u0105czyli si\u0119 w odbudow\u0119 zniszczonego kraju.<\/p>\n\n\n\n<p>Dynamiczny rozw\u00f3j ochotniczego po\u017carnictwa w naszej miejscowo\u015bci nast\u0105pi\u0142 w latach sze\u015b\u0107dziesi\u0105tych. Ochotnicza Stra\u017c Po\u017carna zakupi\u0142a czterna\u015bcie ar\u00f3w terenu, wykonano projekt nowej murowanej stra\u017cnicy i w czynie spo\u0142ecznym wybudowano budynek.W latach osiemdziesi\u0105tych rozbudowano&nbsp; istniej\u0105c\u0105 stra\u017cnic\u0119 o drugi gara\u017c z przeznaczeniem na wi\u0119kszy samoch\u00f3d po\u017carniczy. Obiekt ten s\u0142u\u017cy r\u00f3wnie\u017c mieszka\u0144com Medyni \u0141a\u0144cuckiej i Pogwizdowa, jako Dom Kultury, w kt\u00f3rym odbywaj\u0105 si\u0119 liczne lokalne uroczysto\u015bci i \u015bwi\u0119ta. Jest on systematycznie odnawiany i remontowany. Przez lata zmieniono r\u00f3wnie\u017c zewn\u0119trzne otoczenie budynku \u2013 m.in. wybudowano Kapliczk\u0119 Matki Boskiej Jagodniej oraz mini park.<\/p>\n\n\n\n<p>W ca\u0142ym 100 \u2013 letnim okresie dzia\u0142alno\u015bci stra\u017cacy zabiegali o wyposa\u017cenie w coraz bardziej profesjonalny sprz\u0119t oraz samochody do dzia\u0142a\u0144 ratowniczych. W roku 1971 tutejsza OSP otrzyma\u0142a pierwszy nowy samoch\u00f3d po\u017carniczy Star 26, kt\u00f3ry by\u0142 w tym okresie jednym z niewielu tak nowoczesnych pojazd\u00f3w ga\u015bniczych w powiecie \u0142a\u0144cuckim. Kolejny samoch\u00f3d pozyskali stra\u017cacy w 2006 roku. Za \u015brodki bud\u017cetowe Urz\u0119du Gminy Czarna zakupiono podwozie Star 266, kt\u00f3re druhowie w czynie spo\u0142ecznym przygotowali pod wzgl\u0119dem technicznym do karosa\u017cu. Dzi\u0119ki dotacji z Zarz\u0105du G\u0142\u00f3wnego ZOSP RP, Komedy G\u0142\u00f3wnej PSP, Wojew\u00f3dzkiego Funduszu Ochrony \u015arodowiska w Rzeszowie oraz \u015brodk\u00f3w finansowych UG Czarna samoch\u00f3d ten karosowano na pojazd ratowniczo-ga\u015bniczy.<\/p>\n\n\n\n<p>W tym okresie zrealizowano r\u00f3wnie\u017c kolejn\u0105 historyczn\u0105 inicjatyw\u0119 stra\u017cak\u00f3w \u2013 dzi\u0119ki wsparciu finansowemu mieszka\u0144c\u00f3w so\u0142ectw Medynia \u0141a\u0144cucka oraz Pogwizd\u00f3w, otrzymali oni sztandar dla swojej jednostki, kt\u00f3ry wraz z nowym samochodem zosta\u0142 po\u015bwi\u0119cony podczas uroczysto\u015bci jubileuszowej z okazji 90 \u2013 lecia w dniu 3 czerwca 2007 roku z udzia\u0142em mieszka\u0144c\u00f3w, w\u0142adz zwi\u0105zkowych OSP, pa\u0144stwowych, samorz\u0105dowych, gminnych oraz ko\u015bcielnych.<\/p>\n\n\n\n<p>Pi\u0119\u0107 lat p\u00f3\u017aniej w 2012 roku zosta\u0142 pozyskany lekki samoch\u00f3d ratowniczo-ga\u015bniczy na podwoziu RENAULT MASTER. Zakup ten by\u0142by niemo\u017cliwy bez funduszy przekazanych na ten cel przez Urz\u0105d Gminy w Czarnej, dotacji Zarz\u0105du G\u0142\u00f3wnego ZOSP RP oraz WFO\u015a w Rzeszowie.<\/p>\n\n\n\n<p>30 stycznia 2014 jednostka zosta\u0142a wpisana przez Wojewod\u0119 Podkarpackiego do rejestru podmiot\u00f3w wsp\u00f3\u0142pracuj\u0105cych z Pa\u0144stwowym Ratownictwem Medycznym.<\/p>\n\n\n\n<p>Obecnie Ochotnicza Stra\u017c Po\u017carna w Medyni \u0141a\u0144cuckiej zrzesza 104 cz\u0142onk\u00f3w w tym 3 wspieraj\u0105cych, 4 honorowych oraz jedn\u0105 M\u0142odzie\u017cow\u0105 Dru\u017cyn\u0119 Po\u017carnicz\u0105. Jednostka posiada na wyposa\u017ceniu 2 samochody z podstawowym i specjalistycznym sprz\u0119tem potrzebnym do prawid\u0142owego prowadzenia dzia\u0142a\u0144 ratowniczo &#8211; ga\u015bniczych. Poza dzia\u0142aniami statutowymi Zarz\u0105d OSP realizuje inicjatywy ukierunkowane na m\u0142odszych odbiorc\u00f3w. Dla dzieci i m\u0142odzie\u017cy organizowane s\u0105 zaj\u0119cia sportowo &#8211; rekreacyjne, turniej wiedzy po\u017carniczej oraz konkursy plastyczne. Stra\u017cacy reprezentuj\u0105 jednostk\u0119 ze sztandarem podczas uroczysto\u015bci pa\u0144stwowych i ko\u015bcielnych. Druhowie wykonuj\u0105 wiele prac spo\u0142ecznie oraz wsp\u00f3\u0142pracuj\u0105 z miejscowymi stowarzyszeniami w akcjach na rzecz lokalnej ludno\u015bci.&nbsp;Decyzj\u0105 Komendanta G\u0142\u00f3wnego Pa\u0144stwowej Stra\u017cy Po\u017carnej z dnia 1 grudnia 2016 roku, jednostka zosta\u0142a w\u0142\u0105czona do Krajowego Systemu Ratowniczo Ga\u015bniczego.<\/p>\n","protected":false},"excerpt":{"rendered":"<p>Historia Ochotniczej Stra\u017cy Po\u017carnej w Medyni \u0141a\u0144cuckiej &nbsp; &nbsp; &nbsp; &nbsp; &nbsp; Pocz\u0105tki po\u017carnictwa w Medyni \u0141a\u0144cuckiej rozpoczyna rok 1917.<\/p>\n","protected":false},"author":3,"featured_media":0,"parent":0,"menu_order":0,"comment_status":"closed","ping_status":"closed","template":"","meta":[],"_links":{"self":[{"href":"http:\/\/medynia-lancucka.osp.org.pl\/index.php?rest_route=\/wp\/v2\/pages\/1689"}],"collection":[{"href":"http:\/\/medynia-lancucka.osp.org.pl\/index.php?rest_route=\/wp\/v2\/pages"}],"about":[{"href":"http:\/\/medynia-lancucka.osp.org.pl\/index.php?rest_route=\/wp\/v2\/types\/page"}],"author":[{"embeddable":true,"href":"http:\/\/medynia-lancucka.osp.org.pl\/index.php?rest_route=\/wp\/v2\/users\/3"}],"replies":[{"embeddable":true,"href":"http:\/\/medynia-lancucka.osp.org.pl\/index.php?rest_route=%2Fwp%2Fv2%2Fcomments&post=1689"}],"version-history":[{"count":1,"href":"http:\/\/medynia-lancucka.osp.org.pl\/index.php?rest_route=\/wp\/v2\/pages\/1689\/revisions"}],"predecessor-version":[{"id":1691,"href":"http:\/\/medynia-lancucka.osp.org.pl\/index.php?rest_route=\/wp\/v2\/pages\/1689\/revisions\/1691"}],"wp:attachment":[{"href":"http:\/\/medynia-lancucka.osp.org.pl\/index.php?rest_route=%2Fwp%2Fv2%2Fmedia&parent=1689"}],"curies":[{"name":"wp","href":"https:\/\/api.w.org\/{rel}","templated":true}]}}